{"version":"1.0","provider_name":"Steve L. Elkas Funeral Home","provider_url":"https:\/\/www.steveelkas.com\/en\/","title":"AIM\u00c9 LAPIERRE - CANTON DE HATLEY - Avis de d\u00e9c\u00e8s &#8212; Steve L. Elkas Funeral Home","type":"rich","width":600,"height":338,"html":"<blockquote class=\"wp-embedded-content\" data-secret=\"ADhIRwihPV\"><a href=\"https:\/\/www.steveelkas.com\/en\/obituaries\/aime-lapierre-canton-de-hatley-avis-de-deces\/\">AIM\u00c9 LAPIERRE &#8211; CANTON DE HATLEY &#8211; Avis de d\u00e9c\u00e8s<\/a><\/blockquote><iframe sandbox=\"allow-scripts\" security=\"restricted\" src=\"https:\/\/www.steveelkas.com\/en\/obituaries\/aime-lapierre-canton-de-hatley-avis-de-deces\/embed\/#?secret=ADhIRwihPV\" width=\"600\" height=\"338\" title=\"&#8220;AIM\u00c9 LAPIERRE &#8211; CANTON DE HATLEY &#8211; Avis de d\u00e9c\u00e8s&#8221; &#8212; Steve L. Elkas Funeral Home\" data-secret=\"ADhIRwihPV\" frameborder=\"0\" marginwidth=\"0\" marginheight=\"0\" scrolling=\"no\" class=\"wp-embedded-content\"><\/iframe><script type=\"text\/javascript\">\n\/* <![CDATA[ *\/\n\/*! This file is auto-generated *\/\n!function(d,l){\"use strict\";l.querySelector&&d.addEventListener&&\"undefined\"!=typeof URL&&(d.wp=d.wp||{},d.wp.receiveEmbedMessage||(d.wp.receiveEmbedMessage=function(e){var t=e.data;if((t||t.secret||t.message||t.value)&&!\/[^a-zA-Z0-9]\/.test(t.secret)){for(var s,r,n,a=l.querySelectorAll('iframe[data-secret=\"'+t.secret+'\"]'),o=l.querySelectorAll('blockquote[data-secret=\"'+t.secret+'\"]'),c=new RegExp(\"^https?:$\",\"i\"),i=0;i<o.length;i++)o[i].style.display=\"none\";for(i=0;i<a.length;i++)s=a[i],e.source===s.contentWindow&&(s.removeAttribute(\"style\"),\"height\"===t.message?(1e3<(r=parseInt(t.value,10))?r=1e3:~~r<200&&(r=200),s.height=r):\"link\"===t.message&&(r=new URL(s.getAttribute(\"src\")),n=new URL(t.value),c.test(n.protocol))&&n.host===r.host&&l.activeElement===s&&(d.top.location.href=t.value))}},d.addEventListener(\"message\",d.wp.receiveEmbedMessage,!1),l.addEventListener(\"DOMContentLoaded\",function(){for(var e,t,s=l.querySelectorAll(\"iframe.wp-embedded-content\"),r=0;r<s.length;r++)(t=(e=s[r]).getAttribute(\"data-secret\"))||(t=Math.random().toString(36).substring(2,12),e.src+=\"#?secret=\"+t,e.setAttribute(\"data-secret\",t)),e.contentWindow.postMessage({message:\"ready\",secret:t},\"*\")},!1)))}(window,document);\n\/\/# sourceURL=https:\/\/www.steveelkas.com\/wp-includes\/js\/wp-embed.min.js\n\/* ]]> *\/\n<\/script>\n","thumbnail_url":"https:\/\/www.steveelkas.com\/wp-content\/uploads\/2017\/02\/Aim\u00e9-Lapierre505.jpg","thumbnail_width":1235,"thumbnail_height":1677,"description":"Au CHUS-H\u00f4tel-Dieu de Sherbrooke, le 15 f\u00e9vrier 2017 est d\u00e9c\u00e9d\u00e9 M. Aim\u00e9 Lapierre \u00e0 l\u2019\u00e2ge de 72 ans, fils de feu Roger Lapierre et de feu Alice Cot\u00e9 et l\u2019\u00e9poux de Ga\u00e9tane Guay, demeurant dans le Canton de Hatley, QC. La famille vous accueillera au Complexe Steve L. Elkas (4230, rue Bertrand-Fabi, Sherbrooke, QC, J1N [&hellip;]"}