{"version":"1.0","provider_name":"Steve L. Elkas Funeral Home","provider_url":"https:\/\/www.steveelkas.com\/en\/","title":"B\u00e9b\u00e9 Amandine Provencher &#8212; Steve L. Elkas Funeral Home","type":"rich","width":600,"height":338,"html":"<blockquote class=\"wp-embedded-content\" data-secret=\"DlZ7b5fzw4\"><a href=\"https:\/\/www.steveelkas.com\/en\/obituaries\/bebe-amandine-provencher\/\">B\u00e9b\u00e9 Amandine Provencher<\/a><\/blockquote><iframe sandbox=\"allow-scripts\" security=\"restricted\" src=\"https:\/\/www.steveelkas.com\/en\/obituaries\/bebe-amandine-provencher\/embed\/#?secret=DlZ7b5fzw4\" width=\"600\" height=\"338\" title=\"&#8220;B\u00e9b\u00e9 Amandine Provencher&#8221; &#8212; Steve L. Elkas Funeral Home\" data-secret=\"DlZ7b5fzw4\" frameborder=\"0\" marginwidth=\"0\" marginheight=\"0\" scrolling=\"no\" class=\"wp-embedded-content\"><\/iframe><script type=\"text\/javascript\">\n\/* <![CDATA[ *\/\n\/*! This file is auto-generated *\/\n!function(d,l){\"use strict\";l.querySelector&&d.addEventListener&&\"undefined\"!=typeof URL&&(d.wp=d.wp||{},d.wp.receiveEmbedMessage||(d.wp.receiveEmbedMessage=function(e){var t=e.data;if((t||t.secret||t.message||t.value)&&!\/[^a-zA-Z0-9]\/.test(t.secret)){for(var s,r,n,a=l.querySelectorAll('iframe[data-secret=\"'+t.secret+'\"]'),o=l.querySelectorAll('blockquote[data-secret=\"'+t.secret+'\"]'),c=new RegExp(\"^https?:$\",\"i\"),i=0;i<o.length;i++)o[i].style.display=\"none\";for(i=0;i<a.length;i++)s=a[i],e.source===s.contentWindow&&(s.removeAttribute(\"style\"),\"height\"===t.message?(1e3<(r=parseInt(t.value,10))?r=1e3:~~r<200&&(r=200),s.height=r):\"link\"===t.message&&(r=new URL(s.getAttribute(\"src\")),n=new URL(t.value),c.test(n.protocol))&&n.host===r.host&&l.activeElement===s&&(d.top.location.href=t.value))}},d.addEventListener(\"message\",d.wp.receiveEmbedMessage,!1),l.addEventListener(\"DOMContentLoaded\",function(){for(var e,t,s=l.querySelectorAll(\"iframe.wp-embedded-content\"),r=0;r<s.length;r++)(t=(e=s[r]).getAttribute(\"data-secret\"))||(t=Math.random().toString(36).substring(2,12),e.src+=\"#?secret=\"+t,e.setAttribute(\"data-secret\",t)),e.contentWindow.postMessage({message:\"ready\",secret:t},\"*\")},!1)))}(window,document);\n\/\/# sourceURL=https:\/\/www.steveelkas.com\/wp-includes\/js\/wp-embed.min.js\n\/* ]]> *\/\n<\/script>\n","thumbnail_url":"https:\/\/www.steveelkas.com\/wp-content\/uploads\/2023\/03\/Bebe-Amandine-Provencher-005-scaled.jpg","thumbnail_width":1943,"thumbnail_height":2560,"description":"Peu de temps apr\u00e8s sa naissance le 13 mars 2023, le c\u0153ur bien rempli de l\u2019amour de ses proches, s\u2019est envol\u00e9e B\u00e9b\u00e9 Amandine Provencher pour devenir une \u00e9toile qui veillera sur les siens. B\u00e9b\u00e9 Amandine laisse dans le deuil sa maman Isabelle Cantin, son papa Jonathan Provencher, sa s\u0153ur Laure, son fr\u00e8re Jules, ses grands-parents [&hellip;]"}