{"version":"1.0","provider_name":"Steve L. Elkas Funeral Home","provider_url":"https:\/\/www.steveelkas.com\/en\/","title":"C\u00e9CILE MAILL\u00c9 DESMARAIS - MAGOG - Avis de d\u00e9c\u00e8s &#8212; Steve L. Elkas Funeral Home","type":"rich","width":600,"height":338,"html":"<blockquote class=\"wp-embedded-content\" data-secret=\"IIkPSnWzRB\"><a href=\"https:\/\/www.steveelkas.com\/en\/obituaries\/cecile-maille-desmarais-magog-avis-de-deces\/\">C\u00e9CILE MAILL\u00c9 DESMARAIS &#8211; MAGOG &#8211; Avis de d\u00e9c\u00e8s<\/a><\/blockquote><iframe sandbox=\"allow-scripts\" security=\"restricted\" src=\"https:\/\/www.steveelkas.com\/en\/obituaries\/cecile-maille-desmarais-magog-avis-de-deces\/embed\/#?secret=IIkPSnWzRB\" width=\"600\" height=\"338\" title=\"&#8220;C\u00e9CILE MAILL\u00c9 DESMARAIS &#8211; MAGOG &#8211; Avis de d\u00e9c\u00e8s&#8221; &#8212; Steve L. Elkas Funeral Home\" data-secret=\"IIkPSnWzRB\" frameborder=\"0\" marginwidth=\"0\" marginheight=\"0\" scrolling=\"no\" class=\"wp-embedded-content\"><\/iframe><script type=\"text\/javascript\">\n\/* <![CDATA[ *\/\n\/*! This file is auto-generated *\/\n!function(d,l){\"use strict\";l.querySelector&&d.addEventListener&&\"undefined\"!=typeof URL&&(d.wp=d.wp||{},d.wp.receiveEmbedMessage||(d.wp.receiveEmbedMessage=function(e){var t=e.data;if((t||t.secret||t.message||t.value)&&!\/[^a-zA-Z0-9]\/.test(t.secret)){for(var s,r,n,a=l.querySelectorAll('iframe[data-secret=\"'+t.secret+'\"]'),o=l.querySelectorAll('blockquote[data-secret=\"'+t.secret+'\"]'),c=new RegExp(\"^https?:$\",\"i\"),i=0;i<o.length;i++)o[i].style.display=\"none\";for(i=0;i<a.length;i++)s=a[i],e.source===s.contentWindow&&(s.removeAttribute(\"style\"),\"height\"===t.message?(1e3<(r=parseInt(t.value,10))?r=1e3:~~r<200&&(r=200),s.height=r):\"link\"===t.message&&(r=new URL(s.getAttribute(\"src\")),n=new URL(t.value),c.test(n.protocol))&&n.host===r.host&&l.activeElement===s&&(d.top.location.href=t.value))}},d.addEventListener(\"message\",d.wp.receiveEmbedMessage,!1),l.addEventListener(\"DOMContentLoaded\",function(){for(var e,t,s=l.querySelectorAll(\"iframe.wp-embedded-content\"),r=0;r<s.length;r++)(t=(e=s[r]).getAttribute(\"data-secret\"))||(t=Math.random().toString(36).substring(2,12),e.src+=\"#?secret=\"+t,e.setAttribute(\"data-secret\",t)),e.contentWindow.postMessage({message:\"ready\",secret:t},\"*\")},!1)))}(window,document);\n\/\/# sourceURL=https:\/\/www.steveelkas.com\/wp-includes\/js\/wp-embed.min.js\n\/* ]]> *\/\n<\/script>\n","thumbnail_url":"https:\/\/www.steveelkas.com\/wp-content\/uploads\/2015\/07\/4fddc163ae634877165a706665be56e9-1.jpg","thumbnail_width":248,"thumbnail_height":375,"description":"\u00c0 Magog, le 24 juillet 2010, \u00e0 l\u2019\u00e2ge de 88 ans, est d\u00e9c\u00e9d\u00e9e paisiblement madame C\u00e9cile Maill\u00e9, \u00e9pouse de feu Rosario Desmarais. La famille sera pr\u00e9sente \u00e0 l\u2019\u00e9glise, le jour des fun\u00e9railles, d\u00e8s 9 h 30, pour recevoir les condol\u00e9ances des parents et amis. Le service religieux sera c\u00e9l\u00e9br\u00e9 le vendredi 30 juillet 2010, \u00e0 [&hellip;]"}