{"version":"1.0","provider_name":"Steve L. Elkas Funeral Home","provider_url":"https:\/\/www.steveelkas.com\/en\/","title":"Fernande (Sernente) Dugrenier &#8212; Steve L. Elkas Funeral Home","type":"rich","width":600,"height":338,"html":"<blockquote class=\"wp-embedded-content\" data-secret=\"OkGG3a4vkk\"><a href=\"https:\/\/www.steveelkas.com\/en\/obituaries\/fernande-sernente-dugrenier\/\">Fernande (Sernente) Dugrenier<\/a><\/blockquote><iframe sandbox=\"allow-scripts\" security=\"restricted\" src=\"https:\/\/www.steveelkas.com\/en\/obituaries\/fernande-sernente-dugrenier\/embed\/#?secret=OkGG3a4vkk\" width=\"600\" height=\"338\" title=\"&#8220;Fernande (Sernente) Dugrenier&#8221; &#8212; Steve L. Elkas Funeral Home\" data-secret=\"OkGG3a4vkk\" frameborder=\"0\" marginwidth=\"0\" marginheight=\"0\" scrolling=\"no\" class=\"wp-embedded-content\"><\/iframe><script type=\"text\/javascript\">\n\/* <![CDATA[ *\/\n\/*! This file is auto-generated *\/\n!function(d,l){\"use strict\";l.querySelector&&d.addEventListener&&\"undefined\"!=typeof URL&&(d.wp=d.wp||{},d.wp.receiveEmbedMessage||(d.wp.receiveEmbedMessage=function(e){var t=e.data;if((t||t.secret||t.message||t.value)&&!\/[^a-zA-Z0-9]\/.test(t.secret)){for(var s,r,n,a=l.querySelectorAll('iframe[data-secret=\"'+t.secret+'\"]'),o=l.querySelectorAll('blockquote[data-secret=\"'+t.secret+'\"]'),c=new RegExp(\"^https?:$\",\"i\"),i=0;i<o.length;i++)o[i].style.display=\"none\";for(i=0;i<a.length;i++)s=a[i],e.source===s.contentWindow&&(s.removeAttribute(\"style\"),\"height\"===t.message?(1e3<(r=parseInt(t.value,10))?r=1e3:~~r<200&&(r=200),s.height=r):\"link\"===t.message&&(r=new URL(s.getAttribute(\"src\")),n=new URL(t.value),c.test(n.protocol))&&n.host===r.host&&l.activeElement===s&&(d.top.location.href=t.value))}},d.addEventListener(\"message\",d.wp.receiveEmbedMessage,!1),l.addEventListener(\"DOMContentLoaded\",function(){for(var e,t,s=l.querySelectorAll(\"iframe.wp-embedded-content\"),r=0;r<s.length;r++)(t=(e=s[r]).getAttribute(\"data-secret\"))||(t=Math.random().toString(36).substring(2,12),e.src+=\"#?secret=\"+t,e.setAttribute(\"data-secret\",t)),e.contentWindow.postMessage({message:\"ready\",secret:t},\"*\")},!1)))}(window,document);\n\/\/# sourceURL=https:\/\/www.steveelkas.com\/wp-includes\/js\/wp-embed.min.js\n\/* ]]> *\/\n<\/script>\n","thumbnail_url":"https:\/\/www.steveelkas.com\/wp-content\/uploads\/2023\/08\/Fernande-Sernente-Dugrenier.jpg","thumbnail_width":480,"thumbnail_height":600,"description":"1929 \u2013 2023 Le 19 juillet 2023, \u00e0 son domicile de Bury, s\u2019est \u00e9teinte entour\u00e9e de l\u2019amour des siens madame Fernande (Sernente) Dugrenier \u00e0 l\u2019\u00e2ge de 94 ans.\u00a0 Elle \u00e9tait la fille de feu Armand Dugrenier et de feu Aurore Allaire, ainsi que l\u2019\u00e9pouse bien-aim\u00e9e de feu Benoit Despr\u00e9s. Mme Dugrenier laisse dans le deuil [&hellip;]"}