{"version":"1.0","provider_name":"Steve L. Elkas Funeral Home","provider_url":"https:\/\/www.steveelkas.com\/en\/","title":"Fr Beno\u00eet Roger S.C &#8212; Steve L. Elkas Funeral Home","type":"rich","width":600,"height":338,"html":"<blockquote class=\"wp-embedded-content\" data-secret=\"5M1TVajWEA\"><a href=\"https:\/\/www.steveelkas.com\/en\/obituaries\/fr-benoit-roger-s-c\/\">Fr Beno\u00eet Roger S.C<\/a><\/blockquote><iframe sandbox=\"allow-scripts\" security=\"restricted\" src=\"https:\/\/www.steveelkas.com\/en\/obituaries\/fr-benoit-roger-s-c\/embed\/#?secret=5M1TVajWEA\" width=\"600\" height=\"338\" title=\"&#8220;Fr Beno\u00eet Roger S.C&#8221; &#8212; Steve L. Elkas Funeral Home\" data-secret=\"5M1TVajWEA\" frameborder=\"0\" marginwidth=\"0\" marginheight=\"0\" scrolling=\"no\" class=\"wp-embedded-content\"><\/iframe><script type=\"text\/javascript\">\n\/* <![CDATA[ *\/\n\/*! This file is auto-generated *\/\n!function(d,l){\"use strict\";l.querySelector&&d.addEventListener&&\"undefined\"!=typeof URL&&(d.wp=d.wp||{},d.wp.receiveEmbedMessage||(d.wp.receiveEmbedMessage=function(e){var t=e.data;if((t||t.secret||t.message||t.value)&&!\/[^a-zA-Z0-9]\/.test(t.secret)){for(var s,r,n,a=l.querySelectorAll('iframe[data-secret=\"'+t.secret+'\"]'),o=l.querySelectorAll('blockquote[data-secret=\"'+t.secret+'\"]'),c=new RegExp(\"^https?:$\",\"i\"),i=0;i<o.length;i++)o[i].style.display=\"none\";for(i=0;i<a.length;i++)s=a[i],e.source===s.contentWindow&&(s.removeAttribute(\"style\"),\"height\"===t.message?(1e3<(r=parseInt(t.value,10))?r=1e3:~~r<200&&(r=200),s.height=r):\"link\"===t.message&&(r=new URL(s.getAttribute(\"src\")),n=new URL(t.value),c.test(n.protocol))&&n.host===r.host&&l.activeElement===s&&(d.top.location.href=t.value))}},d.addEventListener(\"message\",d.wp.receiveEmbedMessage,!1),l.addEventListener(\"DOMContentLoaded\",function(){for(var e,t,s=l.querySelectorAll(\"iframe.wp-embedded-content\"),r=0;r<s.length;r++)(t=(e=s[r]).getAttribute(\"data-secret\"))||(t=Math.random().toString(36).substring(2,12),e.src+=\"#?secret=\"+t,e.setAttribute(\"data-secret\",t)),e.contentWindow.postMessage({message:\"ready\",secret:t},\"*\")},!1)))}(window,document);\n\/\/# sourceURL=https:\/\/www.steveelkas.com\/wp-includes\/js\/wp-embed.min.js\n\/* ]]> *\/\n<\/script>\n","thumbnail_url":"https:\/\/www.steveelkas.com\/wp-content\/uploads\/2023\/06\/Benoit-Roger-002.jpg","thumbnail_width":1269,"thumbnail_height":1586,"description":"1942 &#8211; 2023 \u00c0 l\u2019H\u00f4tel-Dieu de Sherbrooke, le 12 juin 2023, est d\u00e9c\u00e9d\u00e9 le fr\u00e8re Roger Beno\u00eet. Il est n\u00e9 \u00e0 St-Denis-sur-le-Richelieu, d\u2019Arthur Beno\u00eet et d\u2019Aline Beno\u00eet. Il a exerc\u00e9 son apostolat particuli\u00e8rement dans le dioc\u00e8se de St-Hyacinthe comme enseignant et animateur de l\u2019A.C.L.E. Il est d\u00e9c\u00e9d\u00e9 \u00e0 l\u2019\u00e2ge de 81 ans et 3 mois [&hellip;]"}