{"version":"1.0","provider_name":"Steve L. Elkas Funeral Home","provider_url":"https:\/\/www.steveelkas.com\/en\/","title":"M Andr\u00e9 Cardinal &#8212; Steve L. Elkas Funeral Home","type":"rich","width":600,"height":338,"html":"<blockquote class=\"wp-embedded-content\" data-secret=\"gnvJtNaLMz\"><a href=\"https:\/\/www.steveelkas.com\/en\/obituaries\/m-andre-cardinal\/\">M Andr\u00e9 Cardinal<\/a><\/blockquote><iframe sandbox=\"allow-scripts\" security=\"restricted\" src=\"https:\/\/www.steveelkas.com\/en\/obituaries\/m-andre-cardinal\/embed\/#?secret=gnvJtNaLMz\" width=\"600\" height=\"338\" title=\"&#8220;M Andr\u00e9 Cardinal&#8221; &#8212; Steve L. Elkas Funeral Home\" data-secret=\"gnvJtNaLMz\" frameborder=\"0\" marginwidth=\"0\" marginheight=\"0\" scrolling=\"no\" class=\"wp-embedded-content\"><\/iframe><script type=\"text\/javascript\">\n\/* <![CDATA[ *\/\n\/*! This file is auto-generated *\/\n!function(d,l){\"use strict\";l.querySelector&&d.addEventListener&&\"undefined\"!=typeof URL&&(d.wp=d.wp||{},d.wp.receiveEmbedMessage||(d.wp.receiveEmbedMessage=function(e){var t=e.data;if((t||t.secret||t.message||t.value)&&!\/[^a-zA-Z0-9]\/.test(t.secret)){for(var s,r,n,a=l.querySelectorAll('iframe[data-secret=\"'+t.secret+'\"]'),o=l.querySelectorAll('blockquote[data-secret=\"'+t.secret+'\"]'),c=new RegExp(\"^https?:$\",\"i\"),i=0;i<o.length;i++)o[i].style.display=\"none\";for(i=0;i<a.length;i++)s=a[i],e.source===s.contentWindow&&(s.removeAttribute(\"style\"),\"height\"===t.message?(1e3<(r=parseInt(t.value,10))?r=1e3:~~r<200&&(r=200),s.height=r):\"link\"===t.message&&(r=new URL(s.getAttribute(\"src\")),n=new URL(t.value),c.test(n.protocol))&&n.host===r.host&&l.activeElement===s&&(d.top.location.href=t.value))}},d.addEventListener(\"message\",d.wp.receiveEmbedMessage,!1),l.addEventListener(\"DOMContentLoaded\",function(){for(var e,t,s=l.querySelectorAll(\"iframe.wp-embedded-content\"),r=0;r<s.length;r++)(t=(e=s[r]).getAttribute(\"data-secret\"))||(t=Math.random().toString(36).substring(2,12),e.src+=\"#?secret=\"+t,e.setAttribute(\"data-secret\",t)),e.contentWindow.postMessage({message:\"ready\",secret:t},\"*\")},!1)))}(window,document);\n\/\/# sourceURL=https:\/\/www.steveelkas.com\/wp-includes\/js\/wp-embed.min.js\n\/* ]]> *\/\n<\/script>\n","thumbnail_url":"https:\/\/www.steveelkas.com\/wp-content\/uploads\/2020\/02\/Andr\u00e9-Cardinal-f\u00e9vrier-2020.jpg","thumbnail_width":2025,"thumbnail_height":1350,"description":"C\u2019est avec grande tristesse que nous annon\u00e7ons le d\u00e9c\u00e8s d\u2019Andr\u00e9 Cardinal, un grand Estrien, non seulement pour en avoir port\u00e9 le titre, mais \u00e9galement un homme au grand c\u0153ur qui aura \u00e9t\u00e9 un exemple de r\u00e9ussite professionnelle et familiale pour tous ceux qui auront \u00e9t\u00e9 choy\u00e9s de croiser son chemin. Il est d\u00e9c\u00e9d\u00e9 \u00e0 l\u2019\u00e2ge [&hellip;]"}