{"version":"1.0","provider_name":"Steve L. Elkas Funeral Home","provider_url":"https:\/\/www.steveelkas.com\/en\/","title":"M. ANDR\u00c9 LALIBERT\u00c9 &#8212; Steve L. Elkas Funeral Home","type":"rich","width":600,"height":338,"html":"<blockquote class=\"wp-embedded-content\" data-secret=\"ZuWvf1pFVZ\"><a href=\"https:\/\/www.steveelkas.com\/en\/obituaries\/m-andre-laliberte\/\">M. ANDR\u00c9 LALIBERT\u00c9<\/a><\/blockquote><iframe sandbox=\"allow-scripts\" security=\"restricted\" src=\"https:\/\/www.steveelkas.com\/en\/obituaries\/m-andre-laliberte\/embed\/#?secret=ZuWvf1pFVZ\" width=\"600\" height=\"338\" title=\"&#8220;M. ANDR\u00c9 LALIBERT\u00c9&#8221; &#8212; Steve L. Elkas Funeral Home\" data-secret=\"ZuWvf1pFVZ\" frameborder=\"0\" marginwidth=\"0\" marginheight=\"0\" scrolling=\"no\" class=\"wp-embedded-content\"><\/iframe><script type=\"text\/javascript\">\n\/* <![CDATA[ *\/\n\/*! This file is auto-generated *\/\n!function(d,l){\"use strict\";l.querySelector&&d.addEventListener&&\"undefined\"!=typeof URL&&(d.wp=d.wp||{},d.wp.receiveEmbedMessage||(d.wp.receiveEmbedMessage=function(e){var t=e.data;if((t||t.secret||t.message||t.value)&&!\/[^a-zA-Z0-9]\/.test(t.secret)){for(var s,r,n,a=l.querySelectorAll('iframe[data-secret=\"'+t.secret+'\"]'),o=l.querySelectorAll('blockquote[data-secret=\"'+t.secret+'\"]'),c=new RegExp(\"^https?:$\",\"i\"),i=0;i<o.length;i++)o[i].style.display=\"none\";for(i=0;i<a.length;i++)s=a[i],e.source===s.contentWindow&&(s.removeAttribute(\"style\"),\"height\"===t.message?(1e3<(r=parseInt(t.value,10))?r=1e3:~~r<200&&(r=200),s.height=r):\"link\"===t.message&&(r=new URL(s.getAttribute(\"src\")),n=new URL(t.value),c.test(n.protocol))&&n.host===r.host&&l.activeElement===s&&(d.top.location.href=t.value))}},d.addEventListener(\"message\",d.wp.receiveEmbedMessage,!1),l.addEventListener(\"DOMContentLoaded\",function(){for(var e,t,s=l.querySelectorAll(\"iframe.wp-embedded-content\"),r=0;r<s.length;r++)(t=(e=s[r]).getAttribute(\"data-secret\"))||(t=Math.random().toString(36).substring(2,12),e.src+=\"#?secret=\"+t,e.setAttribute(\"data-secret\",t)),e.contentWindow.postMessage({message:\"ready\",secret:t},\"*\")},!1)))}(window,document);\n\/\/# sourceURL=https:\/\/www.steveelkas.com\/wp-includes\/js\/wp-embed.min.js\n\/* ]]> *\/\n<\/script>\n","thumbnail_url":"https:\/\/www.steveelkas.com\/wp-content\/uploads\/2023\/01\/Screenshot_20230104-155137_Photos-003.jpg","thumbnail_width":559,"thumbnail_height":765,"description":"Au CHUS-H\u00f4tel-Dieu, le 15 d\u00e9cembre 2022, \u00e0 l\u2019\u00e2ge de 79 ans, est d\u00e9c\u00e9d\u00e9 M. Andr\u00e9 Lalibert\u00e9, demeurant \u00e0 Sherbrooke, autrefois de Magog. Il \u00e9tait le fils de feu M. Alfred Lalibert\u00e9 et de feu Mme C\u00e9cile Audette. Il laisse dans le deuil son fils St\u00e9phan, sa petite-fille Cl\u00e9mence, la m\u00e8re de son fils Lise Lapalme, [&hellip;]"}