{"version":"1.0","provider_name":"Steve L. Elkas Funeral Home","provider_url":"https:\/\/www.steveelkas.com\/en\/","title":"M. Armand Lalibert\u00e9 &#8212; Steve L. Elkas Funeral Home","type":"rich","width":600,"height":338,"html":"<blockquote class=\"wp-embedded-content\" data-secret=\"YN3Ujknr9f\"><a href=\"https:\/\/www.steveelkas.com\/en\/obituaries\/m-armand-laliberte\/\">M. Armand Lalibert\u00e9<\/a><\/blockquote><iframe sandbox=\"allow-scripts\" security=\"restricted\" src=\"https:\/\/www.steveelkas.com\/en\/obituaries\/m-armand-laliberte\/embed\/#?secret=YN3Ujknr9f\" width=\"600\" height=\"338\" title=\"&#8220;M. Armand Lalibert\u00e9&#8221; &#8212; Steve L. Elkas Funeral Home\" data-secret=\"YN3Ujknr9f\" frameborder=\"0\" marginwidth=\"0\" marginheight=\"0\" scrolling=\"no\" class=\"wp-embedded-content\"><\/iframe><script type=\"text\/javascript\">\n\/* <![CDATA[ *\/\n\/*! This file is auto-generated *\/\n!function(d,l){\"use strict\";l.querySelector&&d.addEventListener&&\"undefined\"!=typeof URL&&(d.wp=d.wp||{},d.wp.receiveEmbedMessage||(d.wp.receiveEmbedMessage=function(e){var t=e.data;if((t||t.secret||t.message||t.value)&&!\/[^a-zA-Z0-9]\/.test(t.secret)){for(var s,r,n,a=l.querySelectorAll('iframe[data-secret=\"'+t.secret+'\"]'),o=l.querySelectorAll('blockquote[data-secret=\"'+t.secret+'\"]'),c=new RegExp(\"^https?:$\",\"i\"),i=0;i<o.length;i++)o[i].style.display=\"none\";for(i=0;i<a.length;i++)s=a[i],e.source===s.contentWindow&&(s.removeAttribute(\"style\"),\"height\"===t.message?(1e3<(r=parseInt(t.value,10))?r=1e3:~~r<200&&(r=200),s.height=r):\"link\"===t.message&&(r=new URL(s.getAttribute(\"src\")),n=new URL(t.value),c.test(n.protocol))&&n.host===r.host&&l.activeElement===s&&(d.top.location.href=t.value))}},d.addEventListener(\"message\",d.wp.receiveEmbedMessage,!1),l.addEventListener(\"DOMContentLoaded\",function(){for(var e,t,s=l.querySelectorAll(\"iframe.wp-embedded-content\"),r=0;r<s.length;r++)(t=(e=s[r]).getAttribute(\"data-secret\"))||(t=Math.random().toString(36).substring(2,12),e.src+=\"#?secret=\"+t,e.setAttribute(\"data-secret\",t)),e.contentWindow.postMessage({message:\"ready\",secret:t},\"*\")},!1)))}(window,document);\n\/\/# sourceURL=https:\/\/www.steveelkas.com\/wp-includes\/js\/wp-embed.min.js\n\/* ]]> *\/\n<\/script>\n","thumbnail_url":"https:\/\/www.steveelkas.com\/wp-content\/uploads\/2020\/12\/Armand_Laliberte-2.jpg5_.jpg","thumbnail_width":1852,"thumbnail_height":1476,"description":"\u00c0 Sherbrooke, le 11 d\u00e9cembre 2020, \u00e0 l&#8217;\u00e2ge de 91 ans, est d\u00e9c\u00e9d\u00e9 M. Armand Lalibert\u00e9, \u00e9poux de feu Suzanne Gris\u00e9, demeurant \u00e0 Sherbrooke. La famille vous accueillera \u00e0 la R\u00c9SIDENCE FUN\u00c9RAIRE STEVE L.ELKAS Inc. 601, RUE CONSEIL, SHERBROOKE, Qc t\u00e9l: (819)565-1155\u00a0 t\u00e9lec: (819) 820-8872 www.steveelkas.com samedi le 9 janvier 2021 \u00e0 compter de 12H30 [&hellip;]"}