{"version":"1.0","provider_name":"Steve L. Elkas Funeral Home","provider_url":"https:\/\/www.steveelkas.com\/en\/","title":"M. Roland C\u00f4t\u00e9 &#8212; Steve L. Elkas Funeral Home","type":"rich","width":600,"height":338,"html":"<blockquote class=\"wp-embedded-content\" data-secret=\"NsRxBBs2zc\"><a href=\"https:\/\/www.steveelkas.com\/en\/obituaries\/m-roland-cote\/\">M. Roland C\u00f4t\u00e9<\/a><\/blockquote><iframe sandbox=\"allow-scripts\" security=\"restricted\" src=\"https:\/\/www.steveelkas.com\/en\/obituaries\/m-roland-cote\/embed\/#?secret=NsRxBBs2zc\" width=\"600\" height=\"338\" title=\"&#8220;M. Roland C\u00f4t\u00e9&#8221; &#8212; Steve L. Elkas Funeral Home\" data-secret=\"NsRxBBs2zc\" frameborder=\"0\" marginwidth=\"0\" marginheight=\"0\" scrolling=\"no\" class=\"wp-embedded-content\"><\/iframe><script type=\"text\/javascript\">\n\/* <![CDATA[ *\/\n\/*! This file is auto-generated *\/\n!function(d,l){\"use strict\";l.querySelector&&d.addEventListener&&\"undefined\"!=typeof URL&&(d.wp=d.wp||{},d.wp.receiveEmbedMessage||(d.wp.receiveEmbedMessage=function(e){var t=e.data;if((t||t.secret||t.message||t.value)&&!\/[^a-zA-Z0-9]\/.test(t.secret)){for(var s,r,n,a=l.querySelectorAll('iframe[data-secret=\"'+t.secret+'\"]'),o=l.querySelectorAll('blockquote[data-secret=\"'+t.secret+'\"]'),c=new RegExp(\"^https?:$\",\"i\"),i=0;i<o.length;i++)o[i].style.display=\"none\";for(i=0;i<a.length;i++)s=a[i],e.source===s.contentWindow&&(s.removeAttribute(\"style\"),\"height\"===t.message?(1e3<(r=parseInt(t.value,10))?r=1e3:~~r<200&&(r=200),s.height=r):\"link\"===t.message&&(r=new URL(s.getAttribute(\"src\")),n=new URL(t.value),c.test(n.protocol))&&n.host===r.host&&l.activeElement===s&&(d.top.location.href=t.value))}},d.addEventListener(\"message\",d.wp.receiveEmbedMessage,!1),l.addEventListener(\"DOMContentLoaded\",function(){for(var e,t,s=l.querySelectorAll(\"iframe.wp-embedded-content\"),r=0;r<s.length;r++)(t=(e=s[r]).getAttribute(\"data-secret\"))||(t=Math.random().toString(36).substring(2,12),e.src+=\"#?secret=\"+t,e.setAttribute(\"data-secret\",t)),e.contentWindow.postMessage({message:\"ready\",secret:t},\"*\")},!1)))}(window,document);\n\/\/# sourceURL=https:\/\/www.steveelkas.com\/wp-includes\/js\/wp-embed.min.js\n\/* ]]> *\/\n<\/script>\n","thumbnail_url":"https:\/\/www.steveelkas.com\/wp-content\/uploads\/2022\/10\/Roland-Cote-scaled.jpg","thumbnail_width":1618,"thumbnail_height":2560,"description":"Roland C\u00f4t\u00e9\u00a0 \u00a0 ( 1931 \u2013\u00a0 2022 ) Au\u00a0 CHUS-H\u00f4tel-Dieu de Sherbrooke, le 3 octobre 2022, s\u2019est \u00e9teint Monsieur Roland C\u00f4t\u00e9 \u00e0 l\u2019\u00e2ge de 91 ans.\u00a0 Il \u00e9tait le fils de feu\u00a0 Alfred C\u00f4t\u00e9 et de feu Laura B\u00e9dard \u00a0ainsi que l\u2019\u00e9poux de feu Lise Lambert. Monsieur C\u00f4t\u00e9 laisse dans le deuil son fils Serge [&hellip;]"}