{"version":"1.0","provider_name":"Steve L. Elkas Funeral Home","provider_url":"https:\/\/www.steveelkas.com\/en\/","title":"M. Yvan Aub\u00e9 &#8212; Steve L. Elkas Funeral Home","type":"rich","width":600,"height":338,"html":"<blockquote class=\"wp-embedded-content\" data-secret=\"220DnwhJLK\"><a href=\"https:\/\/www.steveelkas.com\/en\/obituaries\/m-yvan-aube\/\">M. Yvan Aub\u00e9<\/a><\/blockquote><iframe sandbox=\"allow-scripts\" security=\"restricted\" src=\"https:\/\/www.steveelkas.com\/en\/obituaries\/m-yvan-aube\/embed\/#?secret=220DnwhJLK\" width=\"600\" height=\"338\" title=\"&#8220;M. Yvan Aub\u00e9&#8221; &#8212; Steve L. Elkas Funeral Home\" data-secret=\"220DnwhJLK\" frameborder=\"0\" marginwidth=\"0\" marginheight=\"0\" scrolling=\"no\" class=\"wp-embedded-content\"><\/iframe><script type=\"text\/javascript\">\n\/* <![CDATA[ *\/\n\/*! This file is auto-generated *\/\n!function(d,l){\"use strict\";l.querySelector&&d.addEventListener&&\"undefined\"!=typeof URL&&(d.wp=d.wp||{},d.wp.receiveEmbedMessage||(d.wp.receiveEmbedMessage=function(e){var t=e.data;if((t||t.secret||t.message||t.value)&&!\/[^a-zA-Z0-9]\/.test(t.secret)){for(var s,r,n,a=l.querySelectorAll('iframe[data-secret=\"'+t.secret+'\"]'),o=l.querySelectorAll('blockquote[data-secret=\"'+t.secret+'\"]'),c=new RegExp(\"^https?:$\",\"i\"),i=0;i<o.length;i++)o[i].style.display=\"none\";for(i=0;i<a.length;i++)s=a[i],e.source===s.contentWindow&&(s.removeAttribute(\"style\"),\"height\"===t.message?(1e3<(r=parseInt(t.value,10))?r=1e3:~~r<200&&(r=200),s.height=r):\"link\"===t.message&&(r=new URL(s.getAttribute(\"src\")),n=new URL(t.value),c.test(n.protocol))&&n.host===r.host&&l.activeElement===s&&(d.top.location.href=t.value))}},d.addEventListener(\"message\",d.wp.receiveEmbedMessage,!1),l.addEventListener(\"DOMContentLoaded\",function(){for(var e,t,s=l.querySelectorAll(\"iframe.wp-embedded-content\"),r=0;r<s.length;r++)(t=(e=s[r]).getAttribute(\"data-secret\"))||(t=Math.random().toString(36).substring(2,12),e.src+=\"#?secret=\"+t,e.setAttribute(\"data-secret\",t)),e.contentWindow.postMessage({message:\"ready\",secret:t},\"*\")},!1)))}(window,document);\n\/\/# sourceURL=https:\/\/www.steveelkas.com\/wp-includes\/js\/wp-embed.min.js\n\/* ]]> *\/\n<\/script>\n","thumbnail_url":"https:\/\/www.steveelkas.com\/wp-content\/uploads\/2023\/06\/Yvan-Aube-scaled.jpg","thumbnail_width":1920,"thumbnail_height":2560,"description":"M. Yvan Aub\u00e9\u00a0 \u00a0 \u00a0 ( 1941-2023 ) Au foyer St-Joseph de Sherbrooke, le 21 juin 2023 \u00e0 l\u2019\u00e2ge de 81 ans, est d\u00e9c\u00e9d\u00e9 M. Yvan Aub\u00e9 \u00e9poux de Mme Alberte Mathieu. Outre son \u00e9pouse, M. Aub\u00e9 laisse dans le deuil ses fr\u00e8res et s\u0153urs ; Hermann (Jeannette Maheu), Hubert (Denise Lacharit\u00e9), Aline (R\u00e9jean Francoeur), [&hellip;]"}