{"version":"1.0","provider_name":"Steve L. Elkas Funeral Home","provider_url":"https:\/\/www.steveelkas.com\/en\/","title":"Mme Claudette Benoit Aub\u00e9 &#8212; Steve L. Elkas Funeral Home","type":"rich","width":600,"height":338,"html":"<blockquote class=\"wp-embedded-content\" data-secret=\"PZYlhBLhTI\"><a href=\"https:\/\/www.steveelkas.com\/en\/obituaries\/mme-claudette-benoit-aube\/\">Mme Claudette Benoit Aub\u00e9<\/a><\/blockquote><iframe sandbox=\"allow-scripts\" security=\"restricted\" src=\"https:\/\/www.steveelkas.com\/en\/obituaries\/mme-claudette-benoit-aube\/embed\/#?secret=PZYlhBLhTI\" width=\"600\" height=\"338\" title=\"&#8220;Mme Claudette Benoit Aub\u00e9&#8221; &#8212; Steve L. Elkas Funeral Home\" data-secret=\"PZYlhBLhTI\" frameborder=\"0\" marginwidth=\"0\" marginheight=\"0\" scrolling=\"no\" class=\"wp-embedded-content\"><\/iframe><script type=\"text\/javascript\">\n\/* <![CDATA[ *\/\n\/*! This file is auto-generated *\/\n!function(d,l){\"use strict\";l.querySelector&&d.addEventListener&&\"undefined\"!=typeof URL&&(d.wp=d.wp||{},d.wp.receiveEmbedMessage||(d.wp.receiveEmbedMessage=function(e){var t=e.data;if((t||t.secret||t.message||t.value)&&!\/[^a-zA-Z0-9]\/.test(t.secret)){for(var s,r,n,a=l.querySelectorAll('iframe[data-secret=\"'+t.secret+'\"]'),o=l.querySelectorAll('blockquote[data-secret=\"'+t.secret+'\"]'),c=new RegExp(\"^https?:$\",\"i\"),i=0;i<o.length;i++)o[i].style.display=\"none\";for(i=0;i<a.length;i++)s=a[i],e.source===s.contentWindow&&(s.removeAttribute(\"style\"),\"height\"===t.message?(1e3<(r=parseInt(t.value,10))?r=1e3:~~r<200&&(r=200),s.height=r):\"link\"===t.message&&(r=new URL(s.getAttribute(\"src\")),n=new URL(t.value),c.test(n.protocol))&&n.host===r.host&&l.activeElement===s&&(d.top.location.href=t.value))}},d.addEventListener(\"message\",d.wp.receiveEmbedMessage,!1),l.addEventListener(\"DOMContentLoaded\",function(){for(var e,t,s=l.querySelectorAll(\"iframe.wp-embedded-content\"),r=0;r<s.length;r++)(t=(e=s[r]).getAttribute(\"data-secret\"))||(t=Math.random().toString(36).substring(2,12),e.src+=\"#?secret=\"+t,e.setAttribute(\"data-secret\",t)),e.contentWindow.postMessage({message:\"ready\",secret:t},\"*\")},!1)))}(window,document);\n\/\/# sourceURL=https:\/\/www.steveelkas.com\/wp-includes\/js\/wp-embed.min.js\n\/* ]]> *\/\n<\/script>\n","thumbnail_url":"https:\/\/www.steveelkas.com\/wp-content\/uploads\/2022\/08\/1-claudette-benoit.jpg","thumbnail_width":243,"thumbnail_height":381,"description":"Mme Claudette Benoit Aub\u00e9\u00a0 \u00a0( 1942\u00a0 &#8212;\u00a0 2022 ) \u00c0 la r\u00e9sidence de Beaconsfield Sunrise, le 12 aout 2022, \u00e0 l\u2019\u00e2ge de 79 ans, est d\u00e9c\u00e9d\u00e9e Mme Claudette Benoit. Elle \u00e9tait l\u2019\u00e9pouse de feu Jacques Aub\u00e9 (d\u00e9c\u00e9d\u00e9 le 20 oct. 2021) et la fille de feu L\u00e9o Benoit et feu Gertrude Fortier. Elle demeurait \u00e0 [&hellip;]"}