{"version":"1.0","provider_name":"Steve L. Elkas Funeral Home","provider_url":"https:\/\/www.steveelkas.com\/en\/","title":"Mme Liliane Laram\u00e9e &#8212; Steve L. Elkas Funeral Home","type":"rich","width":600,"height":338,"html":"<blockquote class=\"wp-embedded-content\" data-secret=\"VxHOqfzo7N\"><a href=\"https:\/\/www.steveelkas.com\/en\/obituaries\/mme-liliane-laramee\/\">Mme Liliane Laram\u00e9e<\/a><\/blockquote><iframe sandbox=\"allow-scripts\" security=\"restricted\" src=\"https:\/\/www.steveelkas.com\/en\/obituaries\/mme-liliane-laramee\/embed\/#?secret=VxHOqfzo7N\" width=\"600\" height=\"338\" title=\"&#8220;Mme Liliane Laram\u00e9e&#8221; &#8212; Steve L. Elkas Funeral Home\" data-secret=\"VxHOqfzo7N\" frameborder=\"0\" marginwidth=\"0\" marginheight=\"0\" scrolling=\"no\" class=\"wp-embedded-content\"><\/iframe><script type=\"text\/javascript\">\n\/* <![CDATA[ *\/\n\/*! This file is auto-generated *\/\n!function(d,l){\"use strict\";l.querySelector&&d.addEventListener&&\"undefined\"!=typeof URL&&(d.wp=d.wp||{},d.wp.receiveEmbedMessage||(d.wp.receiveEmbedMessage=function(e){var t=e.data;if((t||t.secret||t.message||t.value)&&!\/[^a-zA-Z0-9]\/.test(t.secret)){for(var s,r,n,a=l.querySelectorAll('iframe[data-secret=\"'+t.secret+'\"]'),o=l.querySelectorAll('blockquote[data-secret=\"'+t.secret+'\"]'),c=new RegExp(\"^https?:$\",\"i\"),i=0;i<o.length;i++)o[i].style.display=\"none\";for(i=0;i<a.length;i++)s=a[i],e.source===s.contentWindow&&(s.removeAttribute(\"style\"),\"height\"===t.message?(1e3<(r=parseInt(t.value,10))?r=1e3:~~r<200&&(r=200),s.height=r):\"link\"===t.message&&(r=new URL(s.getAttribute(\"src\")),n=new URL(t.value),c.test(n.protocol))&&n.host===r.host&&l.activeElement===s&&(d.top.location.href=t.value))}},d.addEventListener(\"message\",d.wp.receiveEmbedMessage,!1),l.addEventListener(\"DOMContentLoaded\",function(){for(var e,t,s=l.querySelectorAll(\"iframe.wp-embedded-content\"),r=0;r<s.length;r++)(t=(e=s[r]).getAttribute(\"data-secret\"))||(t=Math.random().toString(36).substring(2,12),e.src+=\"#?secret=\"+t,e.setAttribute(\"data-secret\",t)),e.contentWindow.postMessage({message:\"ready\",secret:t},\"*\")},!1)))}(window,document);\n\/\/# sourceURL=https:\/\/www.steveelkas.com\/wp-includes\/js\/wp-embed.min.js\n\/* ]]> *\/\n<\/script>\n","thumbnail_url":"https:\/\/www.steveelkas.com\/wp-content\/uploads\/2023\/02\/Liliane-Laramee-002.jpg","thumbnail_width":595,"thumbnail_height":665,"description":"\u00c0 Sherbrooke, le 5 f\u00e9vrier 2023, \u00e0 l&#8217;\u00e2ge de 85 ans, est d\u00e9c\u00e9d\u00e9e Mme Liliane Laram\u00e9e, \u00e9pouse de feu Florent Gaudet et fille de feu Napol\u00e9on Laram\u00e9e et de feu Gracia Proulx. Une messe comm\u00e9morative aura lieu le samedi 11 f\u00e9vrier 2023 \u00e0 14h00 \u00e0 la salle des t\u00e9moins de J\u00e9hovah (2775, rue Prospect, Sherbrooke). [&hellip;]"}