{"version":"1.0","provider_name":"Steve L. Elkas Funeral Home","provider_url":"https:\/\/www.steveelkas.com\/en\/","title":"Mme Pierrette Gagn\u00e9 &#8212; Steve L. Elkas Funeral Home","type":"rich","width":600,"height":338,"html":"<blockquote class=\"wp-embedded-content\" data-secret=\"tPaRob0MLF\"><a href=\"https:\/\/www.steveelkas.com\/en\/obituaries\/mme-pierrette-gagne\/\">Mme  Pierrette Gagn\u00e9<\/a><\/blockquote><iframe sandbox=\"allow-scripts\" security=\"restricted\" src=\"https:\/\/www.steveelkas.com\/en\/obituaries\/mme-pierrette-gagne\/embed\/#?secret=tPaRob0MLF\" width=\"600\" height=\"338\" title=\"&#8220;Mme  Pierrette Gagn\u00e9&#8221; &#8212; Steve L. Elkas Funeral Home\" data-secret=\"tPaRob0MLF\" frameborder=\"0\" marginwidth=\"0\" marginheight=\"0\" scrolling=\"no\" class=\"wp-embedded-content\"><\/iframe><script type=\"text\/javascript\">\n\/* <![CDATA[ *\/\n\/*! This file is auto-generated *\/\n!function(d,l){\"use strict\";l.querySelector&&d.addEventListener&&\"undefined\"!=typeof URL&&(d.wp=d.wp||{},d.wp.receiveEmbedMessage||(d.wp.receiveEmbedMessage=function(e){var t=e.data;if((t||t.secret||t.message||t.value)&&!\/[^a-zA-Z0-9]\/.test(t.secret)){for(var s,r,n,a=l.querySelectorAll('iframe[data-secret=\"'+t.secret+'\"]'),o=l.querySelectorAll('blockquote[data-secret=\"'+t.secret+'\"]'),c=new RegExp(\"^https?:$\",\"i\"),i=0;i<o.length;i++)o[i].style.display=\"none\";for(i=0;i<a.length;i++)s=a[i],e.source===s.contentWindow&&(s.removeAttribute(\"style\"),\"height\"===t.message?(1e3<(r=parseInt(t.value,10))?r=1e3:~~r<200&&(r=200),s.height=r):\"link\"===t.message&&(r=new URL(s.getAttribute(\"src\")),n=new URL(t.value),c.test(n.protocol))&&n.host===r.host&&l.activeElement===s&&(d.top.location.href=t.value))}},d.addEventListener(\"message\",d.wp.receiveEmbedMessage,!1),l.addEventListener(\"DOMContentLoaded\",function(){for(var e,t,s=l.querySelectorAll(\"iframe.wp-embedded-content\"),r=0;r<s.length;r++)(t=(e=s[r]).getAttribute(\"data-secret\"))||(t=Math.random().toString(36).substring(2,12),e.src+=\"#?secret=\"+t,e.setAttribute(\"data-secret\",t)),e.contentWindow.postMessage({message:\"ready\",secret:t},\"*\")},!1)))}(window,document);\n\/\/# sourceURL=https:\/\/www.steveelkas.com\/wp-includes\/js\/wp-embed.min.js\n\/* ]]> *\/\n<\/script>\n","thumbnail_url":"https:\/\/www.steveelkas.com\/wp-content\/uploads\/2023\/03\/pierrette-gagne-002.jpeg","thumbnail_width":587,"thumbnail_height":665,"description":"\u00c0 Sherbrooke, le 16 mars 2023 est d\u00e9c\u00e9d\u00e9e Madame Pierrette Gagn\u00e9 Milot \u00e0 l\u2019\u00e2ge de 83 ans. Elle \u00e9tait la fille de feu M. Th\u00e9odore Gagn\u00e9 et feu Mme Marguerite Valli\u00e8res. Elle laisse dans le deuil son \u00e9poux Roger Milot, ses enfants\u00a0: Johanne, feu Chantal, ses petits-enfants\u00a0: Pier-Yves (Corinne Talbot), Laurie-Anne. Elle \u00e9tait aussi la [&hellip;]"}