{"version":"1.0","provider_name":"Steve L. Elkas Funeral Home","provider_url":"https:\/\/www.steveelkas.com\/en\/","title":"PAULINE BISSONETTE BARRI\u00c8RE - SHERBROOKE - Avis de d\u00e9c\u00e8s &#8212; Steve L. Elkas Funeral Home","type":"rich","width":600,"height":338,"html":"<blockquote class=\"wp-embedded-content\" data-secret=\"QhwNFklgM5\"><a href=\"https:\/\/www.steveelkas.com\/en\/obituaries\/pauline-bissonette-barriere-sherbrooke-avis-de-deces\/\">PAULINE BISSONETTE BARRI\u00c8RE &#8211; SHERBROOKE &#8211; Avis de d\u00e9c\u00e8s<\/a><\/blockquote><iframe sandbox=\"allow-scripts\" security=\"restricted\" src=\"https:\/\/www.steveelkas.com\/en\/obituaries\/pauline-bissonette-barriere-sherbrooke-avis-de-deces\/embed\/#?secret=QhwNFklgM5\" width=\"600\" height=\"338\" title=\"&#8220;PAULINE BISSONETTE BARRI\u00c8RE &#8211; SHERBROOKE &#8211; Avis de d\u00e9c\u00e8s&#8221; &#8212; Steve L. Elkas Funeral Home\" data-secret=\"QhwNFklgM5\" frameborder=\"0\" marginwidth=\"0\" marginheight=\"0\" scrolling=\"no\" class=\"wp-embedded-content\"><\/iframe><script type=\"text\/javascript\">\n\/* <![CDATA[ *\/\n\/*! This file is auto-generated *\/\n!function(d,l){\"use strict\";l.querySelector&&d.addEventListener&&\"undefined\"!=typeof URL&&(d.wp=d.wp||{},d.wp.receiveEmbedMessage||(d.wp.receiveEmbedMessage=function(e){var t=e.data;if((t||t.secret||t.message||t.value)&&!\/[^a-zA-Z0-9]\/.test(t.secret)){for(var s,r,n,a=l.querySelectorAll('iframe[data-secret=\"'+t.secret+'\"]'),o=l.querySelectorAll('blockquote[data-secret=\"'+t.secret+'\"]'),c=new RegExp(\"^https?:$\",\"i\"),i=0;i<o.length;i++)o[i].style.display=\"none\";for(i=0;i<a.length;i++)s=a[i],e.source===s.contentWindow&&(s.removeAttribute(\"style\"),\"height\"===t.message?(1e3<(r=parseInt(t.value,10))?r=1e3:~~r<200&&(r=200),s.height=r):\"link\"===t.message&&(r=new URL(s.getAttribute(\"src\")),n=new URL(t.value),c.test(n.protocol))&&n.host===r.host&&l.activeElement===s&&(d.top.location.href=t.value))}},d.addEventListener(\"message\",d.wp.receiveEmbedMessage,!1),l.addEventListener(\"DOMContentLoaded\",function(){for(var e,t,s=l.querySelectorAll(\"iframe.wp-embedded-content\"),r=0;r<s.length;r++)(t=(e=s[r]).getAttribute(\"data-secret\"))||(t=Math.random().toString(36).substring(2,12),e.src+=\"#?secret=\"+t,e.setAttribute(\"data-secret\",t)),e.contentWindow.postMessage({message:\"ready\",secret:t},\"*\")},!1)))}(window,document);\n\/\/# sourceURL=https:\/\/www.steveelkas.com\/wp-includes\/js\/wp-embed.min.js\n\/* ]]> *\/\n<\/script>\n","thumbnail_url":"https:\/\/www.steveelkas.com\/wp-content\/uploads\/2015\/07\/115bd23858fb52b5f3a7b1b6a950204c-1.jpg","thumbnail_width":300,"thumbnail_height":278,"description":"Au C.H.U.S. H\u00f4tel-Dieu Le 23-janvier-2006 \u00e0 l\u2019\u00e2ge de 88 Ans est d\u00e9c\u00e9d\u00e9e Mme Pauline Bissonnette, \u00e9pouse de feu L\u00e9onidas Barri\u00e8re. Demeurant \u00e0 SHERBROOKE La famille vous accueillera \u00e0 la R\u00e9sidence Fun\u00e9raire Steve Elkas Inc. Situ\u00e9e au 601 rue du Conseil Sherbrooke, Quebec J1G-1K4 jeudi de 14:00 \u00e0 16:00 et de 19:00 \u00e0 22:00 et vendredi [&hellip;]"}