{"version":"1.0","provider_name":"Steve L. Elkas Funeral Home","provider_url":"https:\/\/www.steveelkas.com\/en\/","title":"R\u00e9AL DUQUETTE - SHERBROOKE - Avis de d\u00e9c\u00e8s &#8212; Steve L. Elkas Funeral Home","type":"rich","width":600,"height":338,"html":"<blockquote class=\"wp-embedded-content\" data-secret=\"LHLwwrJmOn\"><a href=\"https:\/\/www.steveelkas.com\/en\/obituaries\/real-duquette-sherbrooke-avis-de-deces\/\">R\u00e9AL DUQUETTE &#8211; SHERBROOKE &#8211; Avis de d\u00e9c\u00e8s<\/a><\/blockquote><iframe sandbox=\"allow-scripts\" security=\"restricted\" src=\"https:\/\/www.steveelkas.com\/en\/obituaries\/real-duquette-sherbrooke-avis-de-deces\/embed\/#?secret=LHLwwrJmOn\" width=\"600\" height=\"338\" title=\"&#8220;R\u00e9AL DUQUETTE &#8211; SHERBROOKE &#8211; Avis de d\u00e9c\u00e8s&#8221; &#8212; Steve L. Elkas Funeral Home\" data-secret=\"LHLwwrJmOn\" frameborder=\"0\" marginwidth=\"0\" marginheight=\"0\" scrolling=\"no\" class=\"wp-embedded-content\"><\/iframe><script type=\"text\/javascript\">\n\/* <![CDATA[ *\/\n\/*! This file is auto-generated *\/\n!function(d,l){\"use strict\";l.querySelector&&d.addEventListener&&\"undefined\"!=typeof URL&&(d.wp=d.wp||{},d.wp.receiveEmbedMessage||(d.wp.receiveEmbedMessage=function(e){var t=e.data;if((t||t.secret||t.message||t.value)&&!\/[^a-zA-Z0-9]\/.test(t.secret)){for(var s,r,n,a=l.querySelectorAll('iframe[data-secret=\"'+t.secret+'\"]'),o=l.querySelectorAll('blockquote[data-secret=\"'+t.secret+'\"]'),c=new RegExp(\"^https?:$\",\"i\"),i=0;i<o.length;i++)o[i].style.display=\"none\";for(i=0;i<a.length;i++)s=a[i],e.source===s.contentWindow&&(s.removeAttribute(\"style\"),\"height\"===t.message?(1e3<(r=parseInt(t.value,10))?r=1e3:~~r<200&&(r=200),s.height=r):\"link\"===t.message&&(r=new URL(s.getAttribute(\"src\")),n=new URL(t.value),c.test(n.protocol))&&n.host===r.host&&l.activeElement===s&&(d.top.location.href=t.value))}},d.addEventListener(\"message\",d.wp.receiveEmbedMessage,!1),l.addEventListener(\"DOMContentLoaded\",function(){for(var e,t,s=l.querySelectorAll(\"iframe.wp-embedded-content\"),r=0;r<s.length;r++)(t=(e=s[r]).getAttribute(\"data-secret\"))||(t=Math.random().toString(36).substring(2,12),e.src+=\"#?secret=\"+t,e.setAttribute(\"data-secret\",t)),e.contentWindow.postMessage({message:\"ready\",secret:t},\"*\")},!1)))}(window,document);\n\/\/# sourceURL=https:\/\/www.steveelkas.com\/wp-includes\/js\/wp-embed.min.js\n\/* ]]> *\/\n<\/script>\n","thumbnail_url":"https:\/\/www.steveelkas.com\/wp-content\/uploads\/2015\/07\/e732147ca80f0735a8a8bff545a95743-1.jpg","thumbnail_width":278,"thumbnail_height":375,"description":"\u00c0 Sherbrooke, le 23\/05\/2008, \u00e0 l&#8217;\u00e2ge de 81 ans, est d\u00e9c\u00e9d\u00e9(e) M. R\u00c9AL DUQUETTE \u00c9POUX DE MONIQUE GARON, demeurant \u00e0 Sherbrooke. La famille vous accueillera \u00e0 R\u00c9SIDENCE FUN\u00c9RAIRE STEVE L.ELKAS Inc. 601 RUE DU CONSEIL, SHERBROOKE, Qc t\u00e9l: (819)565-1155 t\u00e9lec: (819) 820-8872 www.steveelkas.com Affili\u00e9 \u00e0 la C.T.Q. mercredi le 28 mai 2008 de 11:30 jusqu&#8217;au [&hellip;]"}