{"version":"1.0","provider_name":"Steve L. Elkas Funeral Home","provider_url":"https:\/\/www.steveelkas.com\/en\/","title":"REN\u00e9E-PAULE RIENDEAU B\u00c9DARD - SHERBROOKE - Avis de d\u00e9c\u00e8s &#8212; Steve L. Elkas Funeral Home","type":"rich","width":600,"height":338,"html":"<blockquote class=\"wp-embedded-content\" data-secret=\"s8SxUAJU4r\"><a href=\"https:\/\/www.steveelkas.com\/en\/obituaries\/renee-paule-riendeau-bedard-sherbrooke-avis-de-deces\/\">REN\u00e9E-PAULE RIENDEAU B\u00c9DARD &#8211; SHERBROOKE &#8211; Avis de d\u00e9c\u00e8s<\/a><\/blockquote><iframe sandbox=\"allow-scripts\" security=\"restricted\" src=\"https:\/\/www.steveelkas.com\/en\/obituaries\/renee-paule-riendeau-bedard-sherbrooke-avis-de-deces\/embed\/#?secret=s8SxUAJU4r\" width=\"600\" height=\"338\" title=\"&#8220;REN\u00e9E-PAULE RIENDEAU B\u00c9DARD &#8211; SHERBROOKE &#8211; Avis de d\u00e9c\u00e8s&#8221; &#8212; Steve L. Elkas Funeral Home\" data-secret=\"s8SxUAJU4r\" frameborder=\"0\" marginwidth=\"0\" marginheight=\"0\" scrolling=\"no\" class=\"wp-embedded-content\"><\/iframe><script type=\"text\/javascript\">\n\/* <![CDATA[ *\/\n\/*! This file is auto-generated *\/\n!function(d,l){\"use strict\";l.querySelector&&d.addEventListener&&\"undefined\"!=typeof URL&&(d.wp=d.wp||{},d.wp.receiveEmbedMessage||(d.wp.receiveEmbedMessage=function(e){var t=e.data;if((t||t.secret||t.message||t.value)&&!\/[^a-zA-Z0-9]\/.test(t.secret)){for(var s,r,n,a=l.querySelectorAll('iframe[data-secret=\"'+t.secret+'\"]'),o=l.querySelectorAll('blockquote[data-secret=\"'+t.secret+'\"]'),c=new RegExp(\"^https?:$\",\"i\"),i=0;i<o.length;i++)o[i].style.display=\"none\";for(i=0;i<a.length;i++)s=a[i],e.source===s.contentWindow&&(s.removeAttribute(\"style\"),\"height\"===t.message?(1e3<(r=parseInt(t.value,10))?r=1e3:~~r<200&&(r=200),s.height=r):\"link\"===t.message&&(r=new URL(s.getAttribute(\"src\")),n=new URL(t.value),c.test(n.protocol))&&n.host===r.host&&l.activeElement===s&&(d.top.location.href=t.value))}},d.addEventListener(\"message\",d.wp.receiveEmbedMessage,!1),l.addEventListener(\"DOMContentLoaded\",function(){for(var e,t,s=l.querySelectorAll(\"iframe.wp-embedded-content\"),r=0;r<s.length;r++)(t=(e=s[r]).getAttribute(\"data-secret\"))||(t=Math.random().toString(36).substring(2,12),e.src+=\"#?secret=\"+t,e.setAttribute(\"data-secret\",t)),e.contentWindow.postMessage({message:\"ready\",secret:t},\"*\")},!1)))}(window,document);\n\/\/# sourceURL=https:\/\/www.steveelkas.com\/wp-includes\/js\/wp-embed.min.js\n\/* ]]> *\/\n<\/script>\n","thumbnail_url":"https:\/\/www.steveelkas.com\/wp-content\/uploads\/2015\/07\/5b5427197025ced19f1479fc04f407db-1.jpg","thumbnail_width":300,"thumbnail_height":322,"description":"Au CHUS site Fleurimont, le 16 novembre 2010, \u00e0 l\u2019\u00e2ge de 66 ans, est d\u00e9c\u00e9d\u00e9e Mme Ren\u00e9e-Paule Riendeau-B\u00e9dard, fille de feu Rolland Riendeau et de feu \u00c9toilda Laventure et \u00e9pouse de feu Andr\u00e9 B\u00e9dard, demeurant \u00e0 Sherbrooke. La famille sera pr\u00e9sente \u00e0 l\u2019\u00e9glise le vendredi 26 novembre 2010 d\u00e8s 10 h, pour recevoir les condol\u00e9ances [&hellip;]"}