{"version":"1.0","provider_name":"Steve L. Elkas Funeral Home","provider_url":"https:\/\/www.steveelkas.com\/en\/","title":"SR DORIS CHARLAND - SHERBROOKE - Avis de d\u00e9c\u00e8s &#8212; Steve L. Elkas Funeral Home","type":"rich","width":600,"height":338,"html":"<blockquote class=\"wp-embedded-content\" data-secret=\"x48RnyZPog\"><a href=\"https:\/\/www.steveelkas.com\/en\/obituaries\/sr-doris-charland-sherbrooke-avis-de-deces\/\">SR DORIS CHARLAND &#8211; SHERBROOKE &#8211; Avis de d\u00e9c\u00e8s<\/a><\/blockquote><iframe sandbox=\"allow-scripts\" security=\"restricted\" src=\"https:\/\/www.steveelkas.com\/en\/obituaries\/sr-doris-charland-sherbrooke-avis-de-deces\/embed\/#?secret=x48RnyZPog\" width=\"600\" height=\"338\" title=\"&#8220;SR DORIS CHARLAND &#8211; SHERBROOKE &#8211; Avis de d\u00e9c\u00e8s&#8221; &#8212; Steve L. Elkas Funeral Home\" data-secret=\"x48RnyZPog\" frameborder=\"0\" marginwidth=\"0\" marginheight=\"0\" scrolling=\"no\" class=\"wp-embedded-content\"><\/iframe><script type=\"text\/javascript\">\n\/* <![CDATA[ *\/\n\/*! This file is auto-generated *\/\n!function(d,l){\"use strict\";l.querySelector&&d.addEventListener&&\"undefined\"!=typeof URL&&(d.wp=d.wp||{},d.wp.receiveEmbedMessage||(d.wp.receiveEmbedMessage=function(e){var t=e.data;if((t||t.secret||t.message||t.value)&&!\/[^a-zA-Z0-9]\/.test(t.secret)){for(var s,r,n,a=l.querySelectorAll('iframe[data-secret=\"'+t.secret+'\"]'),o=l.querySelectorAll('blockquote[data-secret=\"'+t.secret+'\"]'),c=new RegExp(\"^https?:$\",\"i\"),i=0;i<o.length;i++)o[i].style.display=\"none\";for(i=0;i<a.length;i++)s=a[i],e.source===s.contentWindow&&(s.removeAttribute(\"style\"),\"height\"===t.message?(1e3<(r=parseInt(t.value,10))?r=1e3:~~r<200&&(r=200),s.height=r):\"link\"===t.message&&(r=new URL(s.getAttribute(\"src\")),n=new URL(t.value),c.test(n.protocol))&&n.host===r.host&&l.activeElement===s&&(d.top.location.href=t.value))}},d.addEventListener(\"message\",d.wp.receiveEmbedMessage,!1),l.addEventListener(\"DOMContentLoaded\",function(){for(var e,t,s=l.querySelectorAll(\"iframe.wp-embedded-content\"),r=0;r<s.length;r++)(t=(e=s[r]).getAttribute(\"data-secret\"))||(t=Math.random().toString(36).substring(2,12),e.src+=\"#?secret=\"+t,e.setAttribute(\"data-secret\",t)),e.contentWindow.postMessage({message:\"ready\",secret:t},\"*\")},!1)))}(window,document);\n\/\/# sourceURL=https:\/\/www.steveelkas.com\/wp-includes\/js\/wp-embed.min.js\n\/* ]]> *\/\n<\/script>\n","thumbnail_url":"https:\/\/www.steveelkas.com\/wp-content\/uploads\/2017\/02\/Sr-Doris-Charland501.jpg","thumbnail_width":1332,"thumbnail_height":1518,"description":"\u00c0 la Maison m\u00e8re des Soeurs Missionnaires de Notre-Dame des Anges, le 14 f\u00e9vrier 2017 est d\u00e9c\u00e9d\u00e9e Soeur Doris Charland, fille de feu Camille Charland et de feu Lumina Montmigny, \u00e0 l\u2019\u00e2ge de 92 ans et 11 mois, dont 66 ans de vie religieuse. Elle repose au Salon de la communaut\u00e9, 323 rue Queen, Sherbrooke [&hellip;]"}