{"version":"1.0","provider_name":"Steve L. Elkas Funeral Home","provider_url":"https:\/\/www.steveelkas.com\/en\/","title":"Sr H\u00e9l\u00e8ne Audet &#8212; Steve L. Elkas Funeral Home","type":"rich","width":600,"height":338,"html":"<blockquote class=\"wp-embedded-content\" data-secret=\"XBRt9NqVgR\"><a href=\"https:\/\/www.steveelkas.com\/en\/obituaries\/sr-helene-audet\/\">Sr H\u00e9l\u00e8ne Audet<\/a><\/blockquote><iframe sandbox=\"allow-scripts\" security=\"restricted\" src=\"https:\/\/www.steveelkas.com\/en\/obituaries\/sr-helene-audet\/embed\/#?secret=XBRt9NqVgR\" width=\"600\" height=\"338\" title=\"&#8220;Sr H\u00e9l\u00e8ne Audet&#8221; &#8212; Steve L. Elkas Funeral Home\" data-secret=\"XBRt9NqVgR\" frameborder=\"0\" marginwidth=\"0\" marginheight=\"0\" scrolling=\"no\" class=\"wp-embedded-content\"><\/iframe><script type=\"text\/javascript\">\n\/* <![CDATA[ *\/\n\/*! This file is auto-generated *\/\n!function(d,l){\"use strict\";l.querySelector&&d.addEventListener&&\"undefined\"!=typeof URL&&(d.wp=d.wp||{},d.wp.receiveEmbedMessage||(d.wp.receiveEmbedMessage=function(e){var t=e.data;if((t||t.secret||t.message||t.value)&&!\/[^a-zA-Z0-9]\/.test(t.secret)){for(var s,r,n,a=l.querySelectorAll('iframe[data-secret=\"'+t.secret+'\"]'),o=l.querySelectorAll('blockquote[data-secret=\"'+t.secret+'\"]'),c=new RegExp(\"^https?:$\",\"i\"),i=0;i<o.length;i++)o[i].style.display=\"none\";for(i=0;i<a.length;i++)s=a[i],e.source===s.contentWindow&&(s.removeAttribute(\"style\"),\"height\"===t.message?(1e3<(r=parseInt(t.value,10))?r=1e3:~~r<200&&(r=200),s.height=r):\"link\"===t.message&&(r=new URL(s.getAttribute(\"src\")),n=new URL(t.value),c.test(n.protocol))&&n.host===r.host&&l.activeElement===s&&(d.top.location.href=t.value))}},d.addEventListener(\"message\",d.wp.receiveEmbedMessage,!1),l.addEventListener(\"DOMContentLoaded\",function(){for(var e,t,s=l.querySelectorAll(\"iframe.wp-embedded-content\"),r=0;r<s.length;r++)(t=(e=s[r]).getAttribute(\"data-secret\"))||(t=Math.random().toString(36).substring(2,12),e.src+=\"#?secret=\"+t,e.setAttribute(\"data-secret\",t)),e.contentWindow.postMessage({message:\"ready\",secret:t},\"*\")},!1)))}(window,document);\n\/\/# sourceURL=https:\/\/www.steveelkas.com\/wp-includes\/js\/wp-embed.min.js\n\/* ]]> *\/\n<\/script>\n","thumbnail_url":"https:\/\/www.steveelkas.com\/wp-content\/uploads\/2022\/08\/sr-Helene-Audet.jpg","thumbnail_width":208,"thumbnail_height":214,"description":"Sr H\u00e9l\u00e8ne Audet\u00a0 \u00a0 \u00a01935 &#8211; 2022 Au CHSLD St-Vincent de Sherbrooke, le 1er ao\u00fbt 2022 est d\u00e9c\u00e9d\u00e9e S\u0153ur H\u00e9l\u00e8ne Audet, M.N.D.A., \u00e0 l\u2019\u00e2ge de 86 ans et de 67 ans de vie religieuse. Elle \u00e9tait la fille de Antonio Audet et de Yvonne Fontaine. Les fun\u00e9railles auront lieu le mardi 9 ao\u00fbt 2022 \u00e0 [&hellip;]"}