{"version":"1.0","provider_name":"Steve L. Elkas Funeral Home","provider_url":"https:\/\/www.steveelkas.com\/en\/","title":"TH\u00e9R\u00e8SE LESSARD DOMINGUE - SHERBROOKE - Avis de d\u00e9c\u00e8s &#8212; Steve L. Elkas Funeral Home","type":"rich","width":600,"height":338,"html":"<blockquote class=\"wp-embedded-content\" data-secret=\"i3BBK4Nc75\"><a href=\"https:\/\/www.steveelkas.com\/en\/obituaries\/therese-lessard-domingue-sherbrooke-avis-de-deces\/\">TH\u00e9R\u00e8SE LESSARD DOMINGUE &#8211; SHERBROOKE &#8211; Avis de d\u00e9c\u00e8s<\/a><\/blockquote><iframe sandbox=\"allow-scripts\" security=\"restricted\" src=\"https:\/\/www.steveelkas.com\/en\/obituaries\/therese-lessard-domingue-sherbrooke-avis-de-deces\/embed\/#?secret=i3BBK4Nc75\" width=\"600\" height=\"338\" title=\"&#8220;TH\u00e9R\u00e8SE LESSARD DOMINGUE &#8211; SHERBROOKE &#8211; Avis de d\u00e9c\u00e8s&#8221; &#8212; Steve L. Elkas Funeral Home\" data-secret=\"i3BBK4Nc75\" frameborder=\"0\" marginwidth=\"0\" marginheight=\"0\" scrolling=\"no\" class=\"wp-embedded-content\"><\/iframe><script type=\"text\/javascript\">\n\/* <![CDATA[ *\/\n\/*! This file is auto-generated *\/\n!function(d,l){\"use strict\";l.querySelector&&d.addEventListener&&\"undefined\"!=typeof URL&&(d.wp=d.wp||{},d.wp.receiveEmbedMessage||(d.wp.receiveEmbedMessage=function(e){var t=e.data;if((t||t.secret||t.message||t.value)&&!\/[^a-zA-Z0-9]\/.test(t.secret)){for(var s,r,n,a=l.querySelectorAll('iframe[data-secret=\"'+t.secret+'\"]'),o=l.querySelectorAll('blockquote[data-secret=\"'+t.secret+'\"]'),c=new RegExp(\"^https?:$\",\"i\"),i=0;i<o.length;i++)o[i].style.display=\"none\";for(i=0;i<a.length;i++)s=a[i],e.source===s.contentWindow&&(s.removeAttribute(\"style\"),\"height\"===t.message?(1e3<(r=parseInt(t.value,10))?r=1e3:~~r<200&&(r=200),s.height=r):\"link\"===t.message&&(r=new URL(s.getAttribute(\"src\")),n=new URL(t.value),c.test(n.protocol))&&n.host===r.host&&l.activeElement===s&&(d.top.location.href=t.value))}},d.addEventListener(\"message\",d.wp.receiveEmbedMessage,!1),l.addEventListener(\"DOMContentLoaded\",function(){for(var e,t,s=l.querySelectorAll(\"iframe.wp-embedded-content\"),r=0;r<s.length;r++)(t=(e=s[r]).getAttribute(\"data-secret\"))||(t=Math.random().toString(36).substring(2,12),e.src+=\"#?secret=\"+t,e.setAttribute(\"data-secret\",t)),e.contentWindow.postMessage({message:\"ready\",secret:t},\"*\")},!1)))}(window,document);\n\/\/# sourceURL=https:\/\/www.steveelkas.com\/wp-includes\/js\/wp-embed.min.js\n\/* ]]> *\/\n<\/script>\n","thumbnail_url":"https:\/\/www.steveelkas.com\/wp-content\/uploads\/2015\/07\/44289f9f1d3d16a169bf5c438cfb037d-1.jpg","thumbnail_width":300,"thumbnail_height":224,"description":"Au CHUS &#8211; Fleurimont, le 3 mars 2010, \u00e0 l\u2019\u00e2ge de 93 ans, est d\u00e9c\u00e9d\u00e9e madame Th\u00e9r\u00e8se Lessard, \u00e9pouse de feu Lucien Domingue, demeurant \u00e0 la Villa de l\u2019Estrie \u00e0 Sherbrooke. La famille vous accueillera \u00e0 la : R\u00e9sidence Fun\u00e9raire, Steve L. Elkas 601, rue Du Conseil, Sherbrooke (Qu\u00e9bec) T\u00e9l. (819) 565-1155, T\u00e9l\u00e9c. (819) 820-8872 [&hellip;]"}